{"id":1922,"date":"2021-08-20T09:18:16","date_gmt":"2021-08-20T08:18:16","guid":{"rendered":"https:\/\/www.wovalab.com\/?page_id=1922"},"modified":"2021-08-20T09:18:17","modified_gmt":"2021-08-20T08:18:17","slug":"rgpd","status":"publish","type":"page","link":"https:\/\/www.wovalab.com\/fr\/rgpd\/","title":{"rendered":"RGPD"},"content":{"rendered":"\n<p><strong>Politique de protection des donn\u00e9es personnelles du site internet<\/strong><\/p>\n\n\n\n<p><strong><u>Donn\u00e9es personnelles \u2013 Gestion du site web<\/u><\/strong><\/p>\n\n\n\n<p>Les activit\u00e9s relatives au site web www.wovalab.com entra\u00eenent des traitements de donn\u00e9es personnelles.<\/p>\n\n\n\n<p><strong><u>Sur quoi porte la politique d\u2019utilisation des donn\u00e9es personnelles ?<\/u><\/strong><\/p>\n\n\n\n<p>La pr\u00e9sente politique vous informe des caract\u00e9ristiques de ces traitements et de vos droits sur les donn\u00e9es personnelles vous concernant.<\/p>\n\n\n\n<p>Cette politique de confidentialit\u00e9 est r\u00e9dig\u00e9e conform\u00e9ment \u00e0 la loi n\u00b078-17 du 6 janvier 1978 (dite \u00ab Loi informatique et libert\u00e9s \u00bb ou \u00ab LIL \u00bb) et au R\u00e8glement G\u00e9n\u00e9ral sur la protection des Donn\u00e9es Personnelles (\u00ab RGDP \u00bb) n\u00b02016\/679.<\/p>\n\n\n\n<p><strong><u>Qui est le responsable de cette politique ?<\/u><\/strong><\/p>\n\n\n\n<p>Le responsable de traitement est la soci\u00e9t\u00e9 Wovalab, repr\u00e9sent\u00e9e par son repr\u00e9sentant l\u00e9gal Olivier Jourdan.<\/p>\n\n\n\n<p>Les coordonn\u00e9es du responsable de traitement sont les suivantes : 777 voie galil\u00e9e 73800 Sainte H\u00e9l\u00e8ne du Lac.<\/p>\n\n\n\n<p>Le responsable est joignable au num\u00e9ro suivant : 0648553941.<\/p>\n\n\n\n<p>L&#8217;adresse \u00e9lectronique de contact est la suivante : olivier.jourdan@wovalab.com.<\/p>\n\n\n\n<p><strong><u>A qui s\u2019adresse cette politique ?<\/u><\/strong><\/p>\n\n\n\n<p>La pr\u00e9sente politique s\u2019adresse aux usagers du site : les internautes qui naviguent sur le site.<\/p>\n\n\n\n<p>Elle concerne \u00e9galement :<\/p>\n\n\n\n<p>-les personnes qui nous contactent gr\u00e2ce au formulaire de contact du site<\/p>\n\n\n\n<p>-les personnes qui publient sur notre site des avis et commentaires<\/p>\n\n\n\n<p><strong><u>Finalit\u00e9s (\u00e0 quoi servent les donn\u00e9es collect\u00e9es)<\/u><\/strong><\/p>\n\n\n\n<p>Le traitement a pour objet la gestion du site internet.<\/p>\n\n\n\n<p>Ce traitement permet :<\/p>\n\n\n\n<p>-la gestion des demandes de renseignements par le formulaire de contact<\/p>\n\n\n\n<p>-la gestion des avis et commentaires publi\u00e9s sur le site<\/p>\n\n\n\n<p><strong><u>Base l\u00e9gale des traitements : ce qui nous donne le droit de traiter les donn\u00e9es<\/u><\/strong><\/p>\n\n\n\n<p>Les bases l\u00e9gales des traitements sont les suivantes :<\/p>\n\n\n\n<p>-pour la gestion des demandes de renseignements par le formulaire de contact, la base l\u00e9gale est l\u2019int\u00e9r\u00eat l\u00e9gitime (permettre la communication en ligne) ou l\u2019ex\u00e9cution de mesures pr\u00e9contractuelles (r\u00e9alisation de devis \u00e0 la demande des personnes)<\/p>\n\n\n\n<p>-pour la gestion des avis et commentaires publi\u00e9s sur le site, la base l\u00e9gale est le consentement des personnes concern\u00e9es<\/p>\n\n\n\n<p><strong><u>Dur\u00e9e de conservation des donn\u00e9es<\/u><\/strong><\/p>\n\n\n\n<p>Les donn\u00e9es faisant l&#8217;objet d&#8217;un traitement sont conserv\u00e9es pendant une dur\u00e9e n&#8217;exc\u00e9dant pas celle n\u00e9cessaire aux finalit\u00e9s pour lesquelles elles sont enregistr\u00e9es (principe de minimisation des traitements).<\/p>\n\n\n\n<p>Les dur\u00e9es maximums de conservation sont les suivantes :<\/p>\n\n\n\n<p>-pour la gestion des demandes de renseignements par le formulaire de contact : 3 ans \u00e0 compter de la demande<\/p>\n\n\n\n<p>-pour la gestion des avis et commentaires publi\u00e9s sur le site : 5 ans \u00e0 compter de la publication<\/p>\n\n\n\n<p><strong><u>Donn\u00e9es trait\u00e9es<\/u><\/strong><\/p>\n\n\n\n<p>Le responsable de traitement traite les cat\u00e9gories de donn\u00e9es suivantes :<\/p>\n\n\n\n<p>-Etat-civil, identit\u00e9, donn\u00e9es d&#8217;identification, images (nom, pr\u00e9nom, adresse, photographie, date et lieu de naissance, etc.)<\/p>\n\n\n\n<p><strong><u>Caract\u00e8re obligatoire ou facultatif du recueil des donn\u00e9es<\/u><\/strong><\/p>\n\n\n\n<p>Les donn\u00e9es collect\u00e9es pr\u00e9sentent un caract\u00e8re obligatoire pour r\u00e9aliser les finalit\u00e9s de traitement.<\/p>\n\n\n\n<p><strong><u>Sources des donn\u00e9es<\/u><\/strong><\/p>\n\n\n\n<p>Les donn\u00e9es sont transmises directement par la personne concern\u00e9e.<\/p>\n\n\n\n<p><strong><u>Les destinataires des donn\u00e9es<\/u><\/strong><\/p>\n\n\n\n<p>Les donn\u00e9es \u00e0 caract\u00e8re personnel collect\u00e9es sont r\u00e9serv\u00e9es \u00e0 l\u2019usage du responsable du traitement. Aucune donn\u00e9e personnelle n&#8217;est transf\u00e9r\u00e9e par le responsable de traitement \u00e0 des destinataires.<\/p>\n\n\n\n<p><strong><u>Quelles sont les mesures de s\u00e9curit\u00e9 mises en place ?<\/u><\/strong><\/p>\n\n\n\n<p>Le responsable du traitement met en \u0153uvre les mesures techniques et organisationnelles appropri\u00e9es afin de garantir un niveau de s\u00e9curit\u00e9 adapt\u00e9 au risque.<\/p>\n\n\n\n<p>Le responsable du traitement prend des mesures afin de garantir que toute personne physique agissant sous l&#8217;autorit\u00e9 du responsable du traitement ou sous celle du sous-traitant, qui a acc\u00e8s \u00e0 des donn\u00e9es \u00e0 caract\u00e8re personnel, ne les traite pas, except\u00e9 sur instruction du responsable du traitement, \u00e0 moins d&#8217;y \u00eatre oblig\u00e9e.<\/p>\n\n\n\n<p><strong><u>L\u2019existence ou non d\u2019un transfert des donn\u00e9es vers un pays hors Union europ\u00e9enne et garanties associ\u00e9es<\/u><\/strong><\/p>\n\n\n\n<p>Le responsable du traitement ne r\u00e9alise aucun transfert de donn\u00e9es personnelles en dehors de l&#8217;Union Europ\u00e9enne.<\/p>\n\n\n\n<p><strong><u>Prise de d\u00e9cision automatis\u00e9e<\/u><\/strong><\/p>\n\n\n\n<p>Le traitement ne pr\u00e9voit pas de prise de d\u00e9cision enti\u00e8rement automatis\u00e9e.<\/p>\n\n\n\n<p><strong><u>Sort des donn\u00e9es \u00e0 caract\u00e8re personnel apr\u00e8s le d\u00e9c\u00e8s &#8211; Droit d\u2019acc\u00e8s, de rectification, de suppression et de portabilit\u00e9 des donn\u00e9es<\/u><\/strong><\/p>\n\n\n\n<p>La personne concern\u00e9e par un traitement peut d\u00e9finir des directives relatives \u00e0 la conservation, \u00e0 l\u2019effacement et \u00e0 la communication de ses donn\u00e9es personnelles apr\u00e8s son d\u00e9c\u00e8s. Ces directives peuvent \u00eatre g\u00e9n\u00e9rales ou particuli\u00e8res.<\/p>\n\n\n\n<p>La personne concern\u00e9e par un traitement b\u00e9n\u00e9ficie \u00e9galement d\u2019un droit d\u2019acc\u00e8s, d\u2019opposition, de rectification, de suppression et, \u00e0 certaines conditions, de portabilit\u00e9 de ses donn\u00e9es personnelles. La personne concern\u00e9e a le droit de retirer son consentement \u00e0 tout moment si le consentement constitue la base l\u00e9gale du traitement.<\/p>\n\n\n\n<p>La demande devra indiquer les nom et pr\u00e9nom, adresse e-mail ou postale, de la personne concern\u00e9e, et \u00eatre sign\u00e9e et accompagn\u00e9e d\u2019un justificatif d\u2019identit\u00e9 en cours de validit\u00e9.<\/p>\n\n\n\n<p>Elle peut exercer ces droits en s\u2019adressant \u00e0 :<\/p>\n\n\n\n<p>Olivier&nbsp; Jourdan<\/p>\n\n\n\n<p>olivier.jourdan@wovalab.com<\/p>\n\n\n\n<p><strong><u>R\u00e9clamation<\/u><\/strong><\/p>\n\n\n\n<p>La personne concern\u00e9e par un traitement a le droit d\u2019introduire une r\u00e9clamation aupr\u00e8s de l\u2019autorit\u00e9 de contr\u00f4le (CNIL) : https:\/\/www.cnil.fr\/fr\/webform\/adresser-une-plainte<\/p>\n","protected":false},"excerpt":{"rendered":"<p>Politique de protection des donn\u00e9es personnelles du site internet Donn\u00e9es personnelles \u2013 Gestion du site web Les activit\u00e9s relatives au site web www.wovalab.com entra\u00eenent des traitements de donn\u00e9es personnelles. Sur &#8230;<\/p>\n","protected":false},"author":1,"featured_media":0,"parent":0,"menu_order":0,"comment_status":"closed","ping_status":"closed","template":"","meta":{"footnotes":""},"class_list":["post-1922","page","type-page","status-publish","hentry"],"_links":{"self":[{"href":"https:\/\/www.wovalab.com\/fr\/wp-json\/wp\/v2\/pages\/1922","targetHints":{"allow":["GET"]}}],"collection":[{"href":"https:\/\/www.wovalab.com\/fr\/wp-json\/wp\/v2\/pages"}],"about":[{"href":"https:\/\/www.wovalab.com\/fr\/wp-json\/wp\/v2\/types\/page"}],"author":[{"embeddable":true,"href":"https:\/\/www.wovalab.com\/fr\/wp-json\/wp\/v2\/users\/1"}],"replies":[{"embeddable":true,"href":"https:\/\/www.wovalab.com\/fr\/wp-json\/wp\/v2\/comments?post=1922"}],"version-history":[{"count":1,"href":"https:\/\/www.wovalab.com\/fr\/wp-json\/wp\/v2\/pages\/1922\/revisions"}],"predecessor-version":[{"id":1923,"href":"https:\/\/www.wovalab.com\/fr\/wp-json\/wp\/v2\/pages\/1922\/revisions\/1923"}],"wp:attachment":[{"href":"https:\/\/www.wovalab.com\/fr\/wp-json\/wp\/v2\/media?parent=1922"}],"curies":[{"name":"wp","href":"https:\/\/api.w.org\/{rel}","templated":true}]}}